{"id":1102,"date":"2020-05-15T18:44:25","date_gmt":"2020-05-15T18:44:25","guid":{"rendered":"https:\/\/ilfo.pl\/?page_id=1102"},"modified":"2020-06-09T08:41:13","modified_gmt":"2020-06-09T08:41:13","slug":"beata-pawlowska-czerwinska","status":"publish","type":"page","link":"https:\/\/ilfo.pl\/en\/fundatorzy\/beata-pawlowska-czerwinska\/","title":{"rendered":"Beata Paw\u0142owska-Czerwi\u0144ska"},"content":{"rendered":"<h1>Beata Paw\u0142owska-Czerwi\u0144ska<\/h1>\n\t\t\t<a href=\"#drive\" target=\"_self\" role=\"button\" rel=\"noopener noreferrer\">\n\t\t\t\t\t\t\tFind out what drives us\n\t\t\t\t\t<\/a>\n\t\t\t\t<img loading=\"lazy\" src=\"https:\/\/ilfo.pl\/wp-content\/uploads\/bb-plugin\/cache\/ilfo-beata-pawlowska-square.jpg\" alt=\"ilfo-beata-pawlowska\" itemprop=\"image\" height=\"600\" width=\"800\" title=\"ilfo-beata-pawlowska\" onerror=\"this.style.display='none'\"  \/>\n<h3>Beata Paw\u0142owska-Czerwi\u0144ska<\/h3>\t\t\n\t\t\t<p><em>Dyrektor Regionu Europa Centralna Oriflame<\/em><\/p>\n<p><strong><em>Przewodnicz\u0105ca Rady Fundacji ILFO<\/em><\/strong><\/p>\n\t<p>Ekspertka w budowaniu i rozwijaniu marek nale\u017c\u0105cych do rynkowej czo\u0142\u00f3wki w Polsce i na \u015bwiecie. Stworzy\u0142a wiele znacz\u0105cych strategii biznesowych turn around, proces\u00f3w restrukturyzacyjnych oraz kompleksowych proces\u00f3w M&amp;A.<\/p>\n<p>Do\u015bwiadczenie zawodowe zdobywa\u0142a na stanowiskach kierowniczych i zarz\u0105dczych w wiod\u0105cych korporacjach i prywatnych przedsi\u0119biorstwach, m.in. Procter&amp;Gamble, International Paper, The Coca-Cola Company, Hoop S.A., czy Royal Unibrew Polska. Ma tak\u017ce bogate do\u015bwiadczenie w bran\u017cy mediowej \u2013 w MTV Network, gdzie zajmowa\u0142a stanowisko Cz\u0142onka Zarz\u0105du i Dyrektora Zarz\u0105dzaj\u0105cego oraz bran\u017cy us\u0142ugowej \u2013 w Walter Services, gdzie pe\u0142ni\u0142a obowi\u0105zki Prezesa Zarz\u0105du. Obecnie zarz\u0105dza trzema znacz\u0105cymi rynkami dla Europy \u015arodkowej w szwedzkim koncernie kosmetycznym Oriflame. <\/p>\n<p>Jest wyk\u0142adowc\u0105 na Akademii Leona Ko\u017ami\u0144skiego w programie przyw\u00f3dztwa dla kobiet LiderShe i mentorem w licznych programach dla kadry \u015bredniego i wy\u017cszego szczebla. Nale\u017cy r\u00f3wnie\u017c do znacz\u0105cych organizacji biznesowych, m.in. Sie\u0107 Przedsi\u0119biorczo\u015bci Kobiet, Polska Rada Biznesu, PwC, BCC, klub Sukces Pisany Szmink\u0105, Lo\u017ca Kobiet, Polsko-Szwedzka Izba Gospodarcza, Polsko Skandynawska Izba Gospodarcza, klub biznesowy Znane Ekspertki oraz CEO Round Table. <\/p>\n<p>Jej dzia\u0142alno\u015b\u0107 zosta\u0142a wyr\u00f3\u017cniona licznymi nagrodami i wyr\u00f3\u017cnieniami, w tym \u201eLider XXI wieku\u201d przyznana przez magazyn Forbes w plebiscycie BrandMe CEO, TOP President 2018, \u201e50 najbardziej wp\u0142ywowych Polek\u201d w magazynie Home&amp;Market, TOP President 2018 przyznana przez Instytut Biznesu, \u201eCharyzmatyczna Polka\u201d w leksykonie \u201ePOLKI MAJ\u0104 G\u0141OS\u201d \u2013 albumie, kt\u00f3ry powsta\u0142 z okazji 100-lecia uzyskania praw wyborczych przez kobiety w Polsce.<\/p>","protected":false},"excerpt":{"rendered":"<p>Beata Paw\u0142owska-Czerwi\u0144ska Find out what drives us Beata Paw\u0142owska-Czerwi\u0144ska Dyrektor Regionu Europa Centralna Oriflame Przewodnicz\u0105ca Rady Fundacji ILFO Ekspertka w budowaniu i rozwijaniu marek nale\u017c\u0105cych do rynkowej czo\u0142\u00f3wki w Polsce i na \u015bwiecie. Stworzy\u0142a wiele znacz\u0105cych strategii biznesowych turn around, proces\u00f3w restrukturyzacyjnych oraz kompleksowych proces\u00f3w M&amp;A. Do\u015bwiadczenie zawodowe zdobywa\u0142a na stanowiskach kierowniczych i zarz\u0105dczych w &#8230; <a title=\"Beata Paw\u0142owska-Czerwi\u0144ska\" class=\"read-more\" href=\"https:\/\/ilfo.pl\/en\/fundatorzy\/beata-pawlowska-czerwinska\/\">Read more<\/a><\/p>","protected":false},"author":1,"featured_media":0,"parent":759,"menu_order":20,"comment_status":"closed","ping_status":"closed","template":"","meta":[],"yoast_head":"<!-- This site is optimized with the Yoast SEO plugin v15.9.2 - https:\/\/yoast.com\/wordpress\/plugins\/seo\/ -->\n<title>Beata Paw\u0142owska-Czerwi\u0144ska - ILFO<\/title>\n<meta name=\"robots\" content=\"index, follow, max-snippet:-1, max-image-preview:large, max-video-preview:-1\" \/>\n<link rel=\"canonical\" href=\"https:\/\/ilfo.pl\/en\/fundatorzy\/beata-pawlowska-czerwinska\/\" \/>\n<meta property=\"og:locale\" content=\"en_GB\" \/>\n<meta property=\"og:type\" content=\"article\" \/>\n<meta property=\"og:title\" content=\"Beata Paw\u0142owska-Czerwi\u0144ska - ILFO\" \/>\n<meta property=\"og:description\" content=\"Beata Paw\u0142owska-Czerwi\u0144ska Find out what drives us Beata Paw\u0142owska-Czerwi\u0144ska Dyrektor Regionu Europa Centralna Oriflame Przewodnicz\u0105ca Rady Fundacji ILFO Ekspertka w budowaniu i rozwijaniu marek nale\u017c\u0105cych do rynkowej czo\u0142\u00f3wki w Polsce i na \u015bwiecie. Stworzy\u0142a wiele znacz\u0105cych strategii biznesowych turn around, proces\u00f3w restrukturyzacyjnych oraz kompleksowych proces\u00f3w M&amp;A. Do\u015bwiadczenie zawodowe zdobywa\u0142a na stanowiskach kierowniczych i zarz\u0105dczych w ... Read more\" \/>\n<meta property=\"og:url\" content=\"https:\/\/ilfo.pl\/en\/fundatorzy\/beata-pawlowska-czerwinska\/\" \/>\n<meta property=\"og:site_name\" content=\"ILFO\" \/>\n<meta property=\"article:modified_time\" content=\"2020-06-09T08:41:13+00:00\" \/>\n<meta property=\"og:image\" content=\"https:\/\/ilfo.pl\/wp-content\/uploads\/bb-plugin\/cache\/ilfo-beata-pawlowska-square.jpg\" \/>\n<meta name=\"twitter:card\" content=\"summary_large_image\" \/>\n<meta name=\"twitter:label1\" content=\"Estimated reading time\">\n\t<meta name=\"twitter:data1\" content=\"1 minute\">\n<script type=\"application\/ld+json\" class=\"yoast-schema-graph\">{\"@context\":\"https:\/\/schema.org\",\"@graph\":[{\"@type\":\"Organization\",\"@id\":\"https:\/\/ilfo.pl\/#organization\",\"name\":\"International Leaders Forum\",\"url\":\"https:\/\/ilfo.pl\/\",\"sameAs\":[],\"logo\":{\"@type\":\"ImageObject\",\"@id\":\"https:\/\/ilfo.pl\/#logo\",\"inLanguage\":\"en-GB\",\"url\":\"https:\/\/ilfo.pl\/wp-content\/uploads\/2020\/05\/logo_ilfo_color.png\",\"width\":933,\"height\":522,\"caption\":\"International Leaders Forum\"},\"image\":{\"@id\":\"https:\/\/ilfo.pl\/#logo\"}},{\"@type\":\"WebSite\",\"@id\":\"https:\/\/ilfo.pl\/#website\",\"url\":\"https:\/\/ilfo.pl\/\",\"name\":\"ILFO\",\"description\":\"International Leaders Forum\",\"publisher\":{\"@id\":\"https:\/\/ilfo.pl\/#organization\"},\"potentialAction\":[{\"@type\":\"SearchAction\",\"target\":\"https:\/\/ilfo.pl\/?s={search_term_string}\",\"query-input\":\"required name=search_term_string\"}],\"inLanguage\":\"en-GB\"},{\"@type\":\"ImageObject\",\"@id\":\"https:\/\/ilfo.pl\/fundatorzy\/beata-pawlowska-czerwinska\/#primaryimage\",\"inLanguage\":\"en-GB\",\"url\":\"https:\/\/ilfo.pl\/wp-content\/uploads\/bb-plugin\/cache\/ilfo-beata-pawlowska-square.jpg\"},{\"@type\":\"WebPage\",\"@id\":\"https:\/\/ilfo.pl\/fundatorzy\/beata-pawlowska-czerwinska\/#webpage\",\"url\":\"https:\/\/ilfo.pl\/fundatorzy\/beata-pawlowska-czerwinska\/\",\"name\":\"Beata Paw\\u0142owska-Czerwi\\u0144ska - ILFO\",\"isPartOf\":{\"@id\":\"https:\/\/ilfo.pl\/#website\"},\"primaryImageOfPage\":{\"@id\":\"https:\/\/ilfo.pl\/fundatorzy\/beata-pawlowska-czerwinska\/#primaryimage\"},\"datePublished\":\"2020-05-15T18:44:25+00:00\",\"dateModified\":\"2020-06-09T08:41:13+00:00\",\"breadcrumb\":{\"@id\":\"https:\/\/ilfo.pl\/fundatorzy\/beata-pawlowska-czerwinska\/#breadcrumb\"},\"inLanguage\":\"en-GB\",\"potentialAction\":[{\"@type\":\"ReadAction\",\"target\":[\"https:\/\/ilfo.pl\/fundatorzy\/beata-pawlowska-czerwinska\/\"]}]},{\"@type\":\"BreadcrumbList\",\"@id\":\"https:\/\/ilfo.pl\/fundatorzy\/beata-pawlowska-czerwinska\/#breadcrumb\",\"itemListElement\":[{\"@type\":\"ListItem\",\"position\":1,\"item\":{\"@type\":\"WebPage\",\"@id\":\"https:\/\/ilfo.pl\/\",\"url\":\"https:\/\/ilfo.pl\/\",\"name\":\"Strona g\\u0142\\u00f3wna\"}},{\"@type\":\"ListItem\",\"position\":2,\"item\":{\"@type\":\"WebPage\",\"@id\":\"https:\/\/ilfo.pl\/fundatorzy\/\",\"url\":\"https:\/\/ilfo.pl\/fundatorzy\/\",\"name\":\"Fundatorzy\"}},{\"@type\":\"ListItem\",\"position\":3,\"item\":{\"@type\":\"WebPage\",\"@id\":\"https:\/\/ilfo.pl\/fundatorzy\/beata-pawlowska-czerwinska\/\",\"url\":\"https:\/\/ilfo.pl\/fundatorzy\/beata-pawlowska-czerwinska\/\",\"name\":\"Beata Paw\\u0142owska-Czerwi\\u0144ska\"}}]}]}<\/script>\n<!-- \/ Yoast SEO plugin. -->","_links":{"self":[{"href":"https:\/\/ilfo.pl\/en\/wp-json\/wp\/v2\/pages\/1102"}],"collection":[{"href":"https:\/\/ilfo.pl\/en\/wp-json\/wp\/v2\/pages"}],"about":[{"href":"https:\/\/ilfo.pl\/en\/wp-json\/wp\/v2\/types\/page"}],"author":[{"embeddable":true,"href":"https:\/\/ilfo.pl\/en\/wp-json\/wp\/v2\/users\/1"}],"replies":[{"embeddable":true,"href":"https:\/\/ilfo.pl\/en\/wp-json\/wp\/v2\/comments?post=1102"}],"version-history":[{"count":6,"href":"https:\/\/ilfo.pl\/en\/wp-json\/wp\/v2\/pages\/1102\/revisions"}],"predecessor-version":[{"id":1287,"href":"https:\/\/ilfo.pl\/en\/wp-json\/wp\/v2\/pages\/1102\/revisions\/1287"}],"up":[{"embeddable":true,"href":"https:\/\/ilfo.pl\/en\/wp-json\/wp\/v2\/pages\/759"}],"wp:attachment":[{"href":"https:\/\/ilfo.pl\/en\/wp-json\/wp\/v2\/media?parent=1102"}],"curies":[{"name":"wp","href":"https:\/\/api.w.org\/{rel}","templated":true}]}}